{"id":94997,"date":"2019-05-02T14:40:53","date_gmt":"2019-05-02T14:40:53","guid":{"rendered":"https:\/\/pensiondewatertoren.com\/spa\/"},"modified":"2025-02-16T20:00:06","modified_gmt":"2025-02-16T19:00:06","slug":"spa","status":"publish","type":"page","link":"https:\/\/pensiondewatertoren.com\/fr\/spa\/","title":{"rendered":"SPA"},"content":{"rendered":"<h3 style=\"text-align: center;\">Profitez du bien-\u00eatre dans notre spa<\/h3>\n<p style=\"text-align: center;\">Horaires d&rsquo;ouverture : 17h00 &#8211; 22h00 sur r\u00e9servation uniquement<\/p>\n<p style=\"text-align: center;\">Frais d&rsquo;entr\u00e9e &#8211; \u20ac 20 \/heure<\/p>\n<div id=\"metaslider-id-94983\" style=\"width: 100%; margin: 0 auto;\" class=\"ml-slider-3-108-0 metaslider metaslider-flex metaslider-94983 ml-slider ms-theme-outline nav-hidden\" role=\"region\" aria-label=\"SPA Slider\" data-height=\"1051\" data-width=\"1920\">\n    <div id=\"metaslider_container_94983\">\n        <div id=\"metaslider_94983\">\n            <ul class='slides'>\n                <li style=\"display: block; width: 100%;\" class=\"slide-94989 ms-image \" aria-roledescription=\"slide\" data-date=\"2019-05-02 15:33:00\" data-filename=\"GALLERY1920X1051-SPA04.jpg\" data-slide-type=\"image\"><img loading=\"lazy\" decoding=\"async\" src=\"https:\/\/pensiondewatertoren.com\/wp-content\/uploads\/2019\/05\/GALLERY1920X1051-SPA04.jpg\" height=\"1051\" width=\"1920\" alt=\"GALLERY1920X1051-SPA04\" class=\"slider-94983 slide-94989 msDefaultImage\" title=\"GALLERY1920X1051-SPA04\" \/><\/li>\n                <li style=\"display: none; width: 100%;\" class=\"slide-94984 ms-image \" aria-roledescription=\"slide\" data-date=\"2019-05-02 15:33:00\" data-filename=\"GALLERY1920X1051-SPA09.jpg\" data-slide-type=\"image\"><img loading=\"lazy\" decoding=\"async\" src=\"https:\/\/pensiondewatertoren.com\/wp-content\/uploads\/2019\/05\/GALLERY1920X1051-SPA09.jpg\" height=\"1051\" width=\"1920\" alt=\"GALLERY1920X1051-SPA09\" class=\"slider-94983 slide-94984 msDefaultImage\" title=\"GALLERY1920X1051-SPA09\" \/><\/li>\n                <li style=\"display: none; width: 100%;\" class=\"slide-94985 ms-image \" aria-roledescription=\"slide\" data-date=\"2019-05-02 15:33:00\" data-filename=\"GALLERY1920X1051-SPA08.jpg\" data-slide-type=\"image\"><img loading=\"lazy\" decoding=\"async\" src=\"https:\/\/pensiondewatertoren.com\/wp-content\/uploads\/2019\/05\/GALLERY1920X1051-SPA08.jpg\" height=\"1051\" width=\"1920\" alt=\"GALLERY1920X1051-SPA08\" class=\"slider-94983 slide-94985 msDefaultImage\" title=\"GALLERY1920X1051-SPA08\" \/><\/li>\n                <li style=\"display: none; width: 100%;\" class=\"slide-94990 ms-image \" aria-roledescription=\"slide\" data-date=\"2019-05-02 15:33:00\" data-filename=\"GALLERY1920X1051-SPA03.jpg\" data-slide-type=\"image\"><img loading=\"lazy\" decoding=\"async\" src=\"https:\/\/pensiondewatertoren.com\/wp-content\/uploads\/2019\/05\/GALLERY1920X1051-SPA03.jpg\" height=\"1051\" width=\"1920\" alt=\"GALLERY1920X1051-SPA03\" class=\"slider-94983 slide-94990 msDefaultImage\" title=\"GALLERY1920X1051-SPA03\" \/><\/li>\n                <li style=\"display: none; width: 100%;\" class=\"slide-108489 ms-image \" aria-roledescription=\"slide\" data-date=\"2024-10-29 13:35:09\" data-filename=\"Jacuzzi-2024.jpg\" data-slide-type=\"image\"><img loading=\"lazy\" decoding=\"async\" src=\"https:\/\/pensiondewatertoren.com\/wp-content\/uploads\/2024\/10\/Jacuzzi-2024.jpg\" height=\"1051\" width=\"1920\" alt=\"Jacuzzi-2024\" class=\"slider-94983 slide-108489 msDefaultImage\" title=\"Jacuzzi-2024\" \/><\/li>\n            <\/ul>\n        <\/div>\n        \n    <\/div>\n<\/div>\n<p>&nbsp;<\/p>\n<p><strong>Profitez de &lsquo;bien-\u00eatre&rsquo; dans une atmosph\u00e8re de d\u00e9tente apr\u00e8s une longue journ\u00e9e en plein air, une soir\u00e9e passionnante au centre, ou juste parce que.<\/strong><\/p>\n<p>Notre petit spa comprend un sauna pour 6 personnes et un espace d\u00e9tente Oriental. Un caf\u00e9-bar et de la soude est \u00e9galement \u00e0 votre disposition.<\/p>\n<p style=\"text-align: center;\">* * *<\/p>\n<p>L\u2019utilisation de notre Spa au seul risque de l\u2019utilisateur. Les patients cardiaques et les femmes enceintes sont pri\u00e9s de ne pas utiliser notre sauna. Pension &amp; Spa De Watertoren n\u2019est pas responsable des effets n\u00e9fastes sur votre sant\u00e9.<\/p>\n<p>Pas d\u2019acc\u00e8s pour les personnes de moins de 18.<\/p>\n<h3 style=\"text-align: center;\">Pension &amp; Spa de Watertoren in Zandvoort<\/h3>\n<table border=\"0\" width=\"100%\" cellpadding=\"10\">\n<tbody>\n<tr>\n<th scope=\"col\"><a href=\"http:\/\/www.minus417.com\/\" target=\"_blank\" rel=\"noopener noreferrer\"><img loading=\"lazy\" decoding=\"async\" src=\"https:\/\/www.pensiondewatertoren.com\/graphics\/-417\/RECOVERY-MUD-MASK.png\" alt=\"\" width=\"150\" height=\"153\" \/><\/a><\/th>\n<th scope=\"col\"><a href=\"http:\/\/www.minus417.com\/\" target=\"_blank\" rel=\"noopener noreferrer\"><img loading=\"lazy\" decoding=\"async\" src=\"https:\/\/www.pensiondewatertoren.com\/graphics\/-417\/CATHARSIS-SKIN-RELIEF-CREAM.png\" alt=\"\" width=\"150\" height=\"153\" \/><\/a><\/th>\n<th scope=\"col\"><a href=\"http:\/\/www.minus417.com\/\" target=\"_blank\" rel=\"noopener noreferrer\"><img loading=\"lazy\" decoding=\"async\" src=\"https:\/\/www.pensiondewatertoren.com\/graphics\/-417\/VITAMIN-MOISTURIZER.png\" alt=\"\" width=\"150\" height=\"153\" \/><\/a><\/th>\n<th scope=\"col\"><a href=\"http:\/\/www.minus417.com\/\" target=\"_blank\" rel=\"noopener noreferrer\"><img loading=\"lazy\" decoding=\"async\" src=\"https:\/\/www.pensiondewatertoren.com\/graphics\/-417\/CATHARSIS-MUD-SHAMPOO.png\" alt=\"\" width=\"150\" height=\"153\" \/><\/a><\/th>\n<th scope=\"col\"><a href=\"http:\/\/www.minus417.com\/\" target=\"_blank\" rel=\"noopener noreferrer\"><img loading=\"lazy\" decoding=\"async\" src=\"https:\/\/www.pensiondewatertoren.com\/graphics\/-417\/VITALIZING-PEELING-MASK.png\" alt=\"\" width=\"150\" height=\"153\" \/><\/a><\/th>\n<\/tr>\n<\/tbody>\n<\/table>\n","protected":false},"excerpt":{"rendered":"<p>Profitez du bien-\u00eatre dans notre spa Horaires d&rsquo;ouverture : 17h00 &#8211; 22h00 sur r\u00e9servation uniquement Frais d&rsquo;entr\u00e9e &#8211; \u20ac 20 \/heure &nbsp; Profitez de &lsquo;bien-\u00eatre&rsquo; dans une atmosph\u00e8re de d\u00e9tente apr\u00e8s une longue journ\u00e9e en plein air, une soir\u00e9e passionnante au centre, ou juste parce que. Notre petit spa comprend un sauna pour 6 personnes &hellip; <a href=\"https:\/\/pensiondewatertoren.com\/fr\/spa\/\" class=\"more-link\">Continue reading<span class=\"screen-reader-text\"> \u00ab\u00a0SPA\u00a0\u00bb<\/span><\/a><\/p>\n","protected":false},"author":1,"featured_media":511,"parent":0,"menu_order":0,"comment_status":"closed","ping_status":"closed","template":"template-full-width-page.php","meta":{"footnotes":""},"class_list":["post-94997","page","type-page","status-publish","has-post-thumbnail","hentry"],"jetpack_sharing_enabled":true,"_links":{"self":[{"href":"https:\/\/pensiondewatertoren.com\/fr\/wp-json\/wp\/v2\/pages\/94997","targetHints":{"allow":["GET"]}}],"collection":[{"href":"https:\/\/pensiondewatertoren.com\/fr\/wp-json\/wp\/v2\/pages"}],"about":[{"href":"https:\/\/pensiondewatertoren.com\/fr\/wp-json\/wp\/v2\/types\/page"}],"author":[{"embeddable":true,"href":"https:\/\/pensiondewatertoren.com\/fr\/wp-json\/wp\/v2\/users\/1"}],"replies":[{"embeddable":true,"href":"https:\/\/pensiondewatertoren.com\/fr\/wp-json\/wp\/v2\/comments?post=94997"}],"version-history":[{"count":0,"href":"https:\/\/pensiondewatertoren.com\/fr\/wp-json\/wp\/v2\/pages\/94997\/revisions"}],"wp:featuredmedia":[{"embeddable":true,"href":"https:\/\/pensiondewatertoren.com\/fr\/wp-json\/wp\/v2\/media\/511"}],"wp:attachment":[{"href":"https:\/\/pensiondewatertoren.com\/fr\/wp-json\/wp\/v2\/media?parent=94997"}],"curies":[{"name":"wp","href":"https:\/\/api.w.org\/{rel}","templated":true}]}}