{"id":463,"date":"2019-03-07T16:41:54","date_gmt":"2019-03-07T16:41:54","guid":{"rendered":"https:\/\/pensiondewatertoren.com\/?page_id=463"},"modified":"2021-07-05T18:09:47","modified_gmt":"2021-07-05T16:09:47","slug":"chambres","status":"publish","type":"page","link":"https:\/\/pensiondewatertoren.com\/fr\/bienvenue-a-la-pension-et-spa-de-watertoren\/chambres\/","title":{"rendered":"Chambres"},"content":{"rendered":"<div class=\"mphb_sc_rooms-wrapper mphb-room-types \">\n<div class=\"mphb-room-type post-95896 mphb_room_type type-mphb_room_type status-publish has-post-thumbnail mphb_room_type_facility-balcon-fr mphb_room_type_facility-seche-cheveux-fr mphb_room_type_facility-the-et-cafetiere-fr mphb_room_type_facility-tv-a-ecran-plat-avec-chaines-cablees-fr mphb_room_type_facility-wifi-gratuit-fr mphb-room-type-adults-2 mphb-room-type-children-0 has-taxes-and-fees\">\n\n\t\n\t\n\n\t<p class=\"post-thumbnail mphb-loop-room-thumbnail\">\n\t<a href=\"https:\/\/pensiondewatertoren.com\/fr\/accommodation\/sea-room\/\">\n\t<img loading=\"lazy\" decoding=\"async\" width=\"840\" height=\"560\" src=\"https:\/\/pensiondewatertoren.com\/wp-content\/uploads\/2017\/05\/HEADERS-FEATURED-2000X589-ZEEKAMER-840x560.jpg\" class=\"attachment-oceanica-thumb-medium size-oceanica-thumb-medium wp-post-image\" alt=\"HEADERS-FEATURED-2000X589-ZEEKAMER\" \/>\t<\/a>\n\n\t<\/p>\n\n<h2 class=\"mphb-room-type-title entry-title\">\n\n<a class=\"mphb-room-type-title\" href=\"https:\/\/pensiondewatertoren.com\/fr\/accommodation\/sea-room\/\">Chambre de Mer<\/a>\n\n<\/h2>\n\n<p>UN EXCELLENT CHOIX POUR DES VACANCES PARFAITES.<\/p>\n\n\n<h3 class=\"mphb-room-type-details-title\">D\u00e9tails<\/h3><ul class=\"mphb-loop-room-type-attributes\">\n\n\n\t<li class=\"mphb-room-type-adults-capacity\"><span class=\"mphb-attribute-title mphb-adults-title\">Invit\u00e9s:<\/span><span class=\"mphb-attribute-value\">\n\t2\n\t<\/span><\/li>\n\n\n\t<li class=\"mphb-room-type-facilities\"><span class=\"mphb-attribute-title mphb-facilities-title\">\u00c9quipements :<\/span><span class=\"mphb-attribute-value\"> <span class=\"facility-balcon-fr\"><a href=\"https:\/\/pensiondewatertoren.com\/fr\/equipements\/balcon-fr\/\">balcon<\/a><\/span>, <span class=\"facility-seche-cheveux-fr\"><a href=\"https:\/\/pensiondewatertoren.com\/fr\/equipements\/seche-cheveux-fr\/\">s\u00e8che-cheveux<\/a><\/span>, <span class=\"facility-the-et-cafetiere-fr\"><a href=\"https:\/\/pensiondewatertoren.com\/fr\/equipements\/the-et-cafetiere-fr\/\">th\u00e9 et cafeti\u00e8re<\/a><\/span>, <span class=\"facility-tv-a-ecran-plat-avec-chaines-cablees-fr\"><a href=\"https:\/\/pensiondewatertoren.com\/fr\/equipements\/tv-a-ecran-plat-avec-chaines-cablees-fr\/\">TV \u00e0 \u00e9cran plat avec cha\u00eenes c\u00e2bl\u00e9es<\/a><\/span>, <span class=\"facility-wifi-gratuit-fr\"><a href=\"https:\/\/pensiondewatertoren.com\/fr\/equipements\/wifi-gratuit-fr\/\">Wifi gratuit<\/a><\/span><\/span><\/li>\n\n\n\n\t<li class=\"mphb-room-type-view\"><span class=\"mphb-attribute-title mphb-view-title\">Vue :<\/span><span class=\"mphb-attribute-value\">\n\tVues sur la plage\n\t<\/span><\/li>\n\n\n\n\t<li class=\"mphb-room-type-size\"><span class=\"mphb-attribute-title mphb-size-title\">Taille :<\/span><span class=\"mphb-attribute-value\">\n\t20m\u00b2\n\t<\/span><\/li>\n\n\n\t<li class=\"mphb-room-type-bed-type\"><span  class=\"mphb-attribute-title mphb-bed-type-title\">Type de lit :<\/span><span class=\"mphb-attribute-value\">\n\tlit double\n\t<\/span><\/li>\n\n\n<\/ul>\n\n\t<p class=\"mphb-regular-price\"><strong>Prix \u00e0 partir de:<\/strong>\n\t<span class=\"mphb-price\"><span class=\"mphb-currency\">&euro;<\/span>130<\/span> <span class=\"mphb-price-period\" title=\"Choisissez les dates pour voir les prix pertinents\">par nuit<\/span><span class=\"mphb-tax-information taxes-included\"> (+taxes et frais)<\/span>\n\t<\/p>\n\n<p class=\"mphb-view-details-button-wrapper\">\n<a class=\"button mphb-view-details-button\" href=\"https:\/\/pensiondewatertoren.com\/fr\/accommodation\/sea-room\/\" >Voir les d\u00e9tails<\/a>\n<\/p>\n<div class=\"mphb-to-book-btn-wrapper\">\n<form action=\"https:\/\/pensiondewatertoren.com\/fr\/accommodation\/sea-room\/#booking-form-95896\" method=\"get\" ><button type=\"submit\" class=\"button mphb-book-button\" >R\u00e9server<\/button><\/form>\n<br\/><\/div>\n\t\n<\/div>\n\n\n<div class=\"mphb-room-type post-95885 mphb_room_type type-mphb_room_type status-publish has-post-thumbnail mphb_room_type_facility-balcon-fr mphb_room_type_facility-seche-cheveux-fr mphb_room_type_facility-the-et-cafetiere-fr mphb_room_type_facility-tv-a-ecran-plat-avec-chaines-cablees-fr mphb_room_type_facility-wifi-gratuit-fr mphb-room-type-adults-2 mphb-room-type-children-0 has-taxes-and-fees\">\n\n\t\n\t\n\n\t<p class=\"post-thumbnail mphb-loop-room-thumbnail\">\n\t<a href=\"https:\/\/pensiondewatertoren.com\/fr\/accommodation\/dune-room\/\">\n\t<img loading=\"lazy\" decoding=\"async\" width=\"840\" height=\"560\" src=\"https:\/\/pensiondewatertoren.com\/wp-content\/uploads\/2019\/05\/HEADERS-FEATURED-2000X589-DUINKAMER-840x560.jpg\" class=\"attachment-oceanica-thumb-medium size-oceanica-thumb-medium wp-post-image\" alt=\"HEADERS-FEATURED-2000X589-DUINKAMER\" \/>\t<\/a>\n\n\t<\/p>\n\n<h2 class=\"mphb-room-type-title entry-title\">\n\n<a class=\"mphb-room-type-title\" href=\"https:\/\/pensiondewatertoren.com\/fr\/accommodation\/dune-room\/\">Salle des Dunes<\/a>\n\n<\/h2>\n\n<p>UN EXCELLENT CHOIX POUR DES VACANCES PARFAITES.<\/p>\n\n\n<h3 class=\"mphb-room-type-details-title\">D\u00e9tails<\/h3><ul class=\"mphb-loop-room-type-attributes\">\n\n\n\t<li class=\"mphb-room-type-adults-capacity\"><span class=\"mphb-attribute-title mphb-adults-title\">Invit\u00e9s:<\/span><span class=\"mphb-attribute-value\">\n\t2\n\t<\/span><\/li>\n\n\n\t<li class=\"mphb-room-type-facilities\"><span class=\"mphb-attribute-title mphb-facilities-title\">\u00c9quipements :<\/span><span class=\"mphb-attribute-value\"> <span class=\"facility-balcon-fr\"><a href=\"https:\/\/pensiondewatertoren.com\/fr\/equipements\/balcon-fr\/\">balcon<\/a><\/span>, <span class=\"facility-seche-cheveux-fr\"><a href=\"https:\/\/pensiondewatertoren.com\/fr\/equipements\/seche-cheveux-fr\/\">s\u00e8che-cheveux<\/a><\/span>, <span class=\"facility-the-et-cafetiere-fr\"><a href=\"https:\/\/pensiondewatertoren.com\/fr\/equipements\/the-et-cafetiere-fr\/\">th\u00e9 et cafeti\u00e8re<\/a><\/span>, <span class=\"facility-tv-a-ecran-plat-avec-chaines-cablees-fr\"><a href=\"https:\/\/pensiondewatertoren.com\/fr\/equipements\/tv-a-ecran-plat-avec-chaines-cablees-fr\/\">TV \u00e0 \u00e9cran plat avec cha\u00eenes c\u00e2bl\u00e9es<\/a><\/span>, <span class=\"facility-wifi-gratuit-fr\"><a href=\"https:\/\/pensiondewatertoren.com\/fr\/equipements\/wifi-gratuit-fr\/\">Wifi gratuit<\/a><\/span><\/span><\/li>\n\n\n\n\t<li class=\"mphb-room-type-view\"><span class=\"mphb-attribute-title mphb-view-title\">Vue :<\/span><span class=\"mphb-attribute-value\">\n\tVues sur les dunes\n\t<\/span><\/li>\n\n\n\n\t<li class=\"mphb-room-type-size\"><span class=\"mphb-attribute-title mphb-size-title\">Taille :<\/span><span class=\"mphb-attribute-value\">\n\t23m\u00b2\n\t<\/span><\/li>\n\n\n\t<li class=\"mphb-room-type-bed-type\"><span  class=\"mphb-attribute-title mphb-bed-type-title\">Type de lit :<\/span><span class=\"mphb-attribute-value\">\n\tlit double\n\t<\/span><\/li>\n\n\n<\/ul>\n\n\t<p class=\"mphb-regular-price\"><strong>Prix \u00e0 partir de:<\/strong>\n\t<span class=\"mphb-price\"><span class=\"mphb-currency\">&euro;<\/span>120<\/span> <span class=\"mphb-price-period\" title=\"Choisissez les dates pour voir les prix pertinents\">par nuit<\/span><span class=\"mphb-tax-information taxes-included\"> (+taxes et frais)<\/span>\n\t<\/p>\n\n<p class=\"mphb-view-details-button-wrapper\">\n<a class=\"button mphb-view-details-button\" href=\"https:\/\/pensiondewatertoren.com\/fr\/accommodation\/dune-room\/\" >Voir les d\u00e9tails<\/a>\n<\/p>\n<div class=\"mphb-to-book-btn-wrapper\">\n<form action=\"https:\/\/pensiondewatertoren.com\/fr\/accommodation\/dune-room\/#booking-form-95885\" method=\"get\" ><button type=\"submit\" class=\"button mphb-book-button\" >R\u00e9server<\/button><\/form>\n<br\/><\/div>\n\t\n<\/div>\n\n\n<div class=\"mphb-room-type post-95877 mphb_room_type type-mphb_room_type status-publish has-post-thumbnail mphb_room_type_facility-seche-cheveux-fr mphb_room_type_facility-the-et-cafetiere-fr mphb_room_type_facility-tv-a-ecran-plat-avec-chaines-cablees-fr mphb_room_type_facility-wifi-gratuit-fr mphb-room-type-adults-2 mphb-room-type-children-0 has-taxes-and-fees\">\n\n\t\n\t\n\n\t<p class=\"post-thumbnail mphb-loop-room-thumbnail\">\n\t<a href=\"https:\/\/pensiondewatertoren.com\/fr\/accommodation\/three-gulls-room\/\">\n\t<img loading=\"lazy\" decoding=\"async\" width=\"840\" height=\"560\" src=\"https:\/\/pensiondewatertoren.com\/wp-content\/uploads\/2019\/05\/HEADERS-FEATURED-2000X589-THREE-SEAGULLS-840x560.jpg\" class=\"attachment-oceanica-thumb-medium size-oceanica-thumb-medium wp-post-image\" alt=\"HEADERS-FEATURED-2000X589-THREE-SEAGULLS\" \/>\t<\/a>\n\n\t<\/p>\n\n<h2 class=\"mphb-room-type-title entry-title\">\n\n<a class=\"mphb-room-type-title\" href=\"https:\/\/pensiondewatertoren.com\/fr\/accommodation\/three-gulls-room\/\">Salle des Trois Mouettes<\/a>\n\n<\/h2>\n\n<p>UN EXCELLENT CHOIX POUR DES VACANCES PARFAITES.<\/p>\n\n\n<h3 class=\"mphb-room-type-details-title\">D\u00e9tails<\/h3><ul class=\"mphb-loop-room-type-attributes\">\n\n\n\t<li class=\"mphb-room-type-adults-capacity\"><span class=\"mphb-attribute-title mphb-adults-title\">Invit\u00e9s:<\/span><span class=\"mphb-attribute-value\">\n\t2\n\t<\/span><\/li>\n\n\n\t<li class=\"mphb-room-type-facilities\"><span class=\"mphb-attribute-title mphb-facilities-title\">\u00c9quipements :<\/span><span class=\"mphb-attribute-value\"> <span class=\"facility-seche-cheveux-fr\"><a href=\"https:\/\/pensiondewatertoren.com\/fr\/equipements\/seche-cheveux-fr\/\">s\u00e8che-cheveux<\/a><\/span>, <span class=\"facility-the-et-cafetiere-fr\"><a href=\"https:\/\/pensiondewatertoren.com\/fr\/equipements\/the-et-cafetiere-fr\/\">th\u00e9 et cafeti\u00e8re<\/a><\/span>, <span class=\"facility-tv-a-ecran-plat-avec-chaines-cablees-fr\"><a href=\"https:\/\/pensiondewatertoren.com\/fr\/equipements\/tv-a-ecran-plat-avec-chaines-cablees-fr\/\">TV \u00e0 \u00e9cran plat avec cha\u00eenes c\u00e2bl\u00e9es<\/a><\/span>, <span class=\"facility-wifi-gratuit-fr\"><a href=\"https:\/\/pensiondewatertoren.com\/fr\/equipements\/wifi-gratuit-fr\/\">Wifi gratuit<\/a><\/span><\/span><\/li>\n\n\n\n\t<li class=\"mphb-room-type-view\"><span class=\"mphb-attribute-title mphb-view-title\">Vue :<\/span><span class=\"mphb-attribute-value\">\n\tVues sur la plage\n\t<\/span><\/li>\n\n\n\n\t<li class=\"mphb-room-type-size\"><span class=\"mphb-attribute-title mphb-size-title\">Taille :<\/span><span class=\"mphb-attribute-value\">\n\t24m\u00b2\n\t<\/span><\/li>\n\n\n\t<li class=\"mphb-room-type-bed-type\"><span  class=\"mphb-attribute-title mphb-bed-type-title\">Type de lit :<\/span><span class=\"mphb-attribute-value\">\n\tlit double\n\t<\/span><\/li>\n\n\n<\/ul>\n\n\t<p class=\"mphb-regular-price\"><strong>Prix \u00e0 partir de:<\/strong>\n\t<span class=\"mphb-price\"><span class=\"mphb-currency\">&euro;<\/span>120<\/span> <span class=\"mphb-price-period\" title=\"Choisissez les dates pour voir les prix pertinents\">par nuit<\/span><span class=\"mphb-tax-information taxes-included\"> (+taxes et frais)<\/span>\n\t<\/p>\n\n<p class=\"mphb-view-details-button-wrapper\">\n<a class=\"button mphb-view-details-button\" href=\"https:\/\/pensiondewatertoren.com\/fr\/accommodation\/three-gulls-room\/\" >Voir les d\u00e9tails<\/a>\n<\/p>\n<div class=\"mphb-to-book-btn-wrapper\">\n<form action=\"https:\/\/pensiondewatertoren.com\/fr\/accommodation\/three-gulls-room\/#booking-form-95877\" method=\"get\" ><button type=\"submit\" class=\"button mphb-book-button\" >R\u00e9server<\/button><\/form>\n<br\/><\/div>\n\t\n<\/div>\n\n\n<div class=\"mphb-room-type post-95859 mphb_room_type type-mphb_room_type status-publish has-post-thumbnail mphb_room_type_facility-balcon-fr mphb_room_type_facility-seche-cheveux-fr mphb_room_type_facility-the-et-cafetiere-fr mphb_room_type_facility-tv-a-ecran-plat-avec-chaines-cablees-fr mphb_room_type_facility-wifi-gratuit-fr mphb-room-type-adults-2 mphb-room-type-children-0 has-taxes-and-fees\">\n\n\t\n\t\n\n\t<p class=\"post-thumbnail mphb-loop-room-thumbnail\">\n\t<a href=\"https:\/\/pensiondewatertoren.com\/fr\/accommodation\/four-roses-room\/\">\n\t<img loading=\"lazy\" decoding=\"async\" width=\"840\" height=\"560\" src=\"https:\/\/pensiondewatertoren.com\/wp-content\/uploads\/2019\/03\/HEADERS-FEATURED-2000X589-4ROSES-840x560.jpg\" class=\"attachment-oceanica-thumb-medium size-oceanica-thumb-medium wp-post-image\" alt=\"HEADERS-FEATURED-2000X589-4ROSES\" \/>\t<\/a>\n\n\t<\/p>\n\n<h2 class=\"mphb-room-type-title entry-title\">\n\n<a class=\"mphb-room-type-title\" href=\"https:\/\/pensiondewatertoren.com\/fr\/accommodation\/four-roses-room\/\">Chambre Quatre Roses<\/a>\n\n<\/h2>\n\n<p>UN EXCELLENT CHOIX POUR DES VACANCES PARFAITES.<\/p>\n\n\n<h3 class=\"mphb-room-type-details-title\">D\u00e9tails<\/h3><ul class=\"mphb-loop-room-type-attributes\">\n\n\n\t<li class=\"mphb-room-type-adults-capacity\"><span class=\"mphb-attribute-title mphb-adults-title\">Invit\u00e9s:<\/span><span class=\"mphb-attribute-value\">\n\t2\n\t<\/span><\/li>\n\n\n\t<li class=\"mphb-room-type-facilities\"><span class=\"mphb-attribute-title mphb-facilities-title\">\u00c9quipements :<\/span><span class=\"mphb-attribute-value\"> <span class=\"facility-balcon-fr\"><a href=\"https:\/\/pensiondewatertoren.com\/fr\/equipements\/balcon-fr\/\">balcon<\/a><\/span>, <span class=\"facility-seche-cheveux-fr\"><a href=\"https:\/\/pensiondewatertoren.com\/fr\/equipements\/seche-cheveux-fr\/\">s\u00e8che-cheveux<\/a><\/span>, <span class=\"facility-the-et-cafetiere-fr\"><a href=\"https:\/\/pensiondewatertoren.com\/fr\/equipements\/the-et-cafetiere-fr\/\">th\u00e9 et cafeti\u00e8re<\/a><\/span>, <span class=\"facility-tv-a-ecran-plat-avec-chaines-cablees-fr\"><a href=\"https:\/\/pensiondewatertoren.com\/fr\/equipements\/tv-a-ecran-plat-avec-chaines-cablees-fr\/\">TV \u00e0 \u00e9cran plat avec cha\u00eenes c\u00e2bl\u00e9es<\/a><\/span>, <span class=\"facility-wifi-gratuit-fr\"><a href=\"https:\/\/pensiondewatertoren.com\/fr\/equipements\/wifi-gratuit-fr\/\">Wifi gratuit<\/a><\/span><\/span><\/li>\n\n\n\n\t<li class=\"mphb-room-type-view\"><span class=\"mphb-attribute-title mphb-view-title\">Vue :<\/span><span class=\"mphb-attribute-value\">\n\tVues sur les dunes\n\t<\/span><\/li>\n\n\n\n\t<li class=\"mphb-room-type-size\"><span class=\"mphb-attribute-title mphb-size-title\">Taille :<\/span><span class=\"mphb-attribute-value\">\n\t24m\u00b2\n\t<\/span><\/li>\n\n\n\t<li class=\"mphb-room-type-bed-type\"><span  class=\"mphb-attribute-title mphb-bed-type-title\">Type de lit :<\/span><span class=\"mphb-attribute-value\">\n\tlit double\n\t<\/span><\/li>\n\n\n<\/ul>\n\n\t<p class=\"mphb-regular-price\"><strong>Prix \u00e0 partir de:<\/strong>\n\t<span class=\"mphb-price\"><span class=\"mphb-currency\">&euro;<\/span>115<\/span> <span class=\"mphb-price-period\" title=\"Choisissez les dates pour voir les prix pertinents\">par nuit<\/span><span class=\"mphb-tax-information taxes-included\"> (+taxes et frais)<\/span>\n\t<\/p>\n\n<p class=\"mphb-view-details-button-wrapper\">\n<a class=\"button mphb-view-details-button\" href=\"https:\/\/pensiondewatertoren.com\/fr\/accommodation\/four-roses-room\/\" >Voir les d\u00e9tails<\/a>\n<\/p>\n<div class=\"mphb-to-book-btn-wrapper\">\n<form action=\"https:\/\/pensiondewatertoren.com\/fr\/accommodation\/four-roses-room\/#booking-form-95859\" method=\"get\" ><button type=\"submit\" class=\"button mphb-book-button\" >R\u00e9server<\/button><\/form>\n<br\/><\/div>\n\t\n<\/div>\n\n\n<div class=\"mphb-room-type post-94613 mphb_room_type type-mphb_room_type status-publish has-post-thumbnail mphb_room_type_tag-chambres-simple-confort-fr mphb_room_type_facility-seche-cheveux-fr mphb_room_type_facility-the-et-cafetiere-fr mphb_room_type_facility-tv-a-ecran-plat-avec-chaines-cablees-fr mphb_room_type_facility-wifi-gratuit-fr mphb-room-type-adults-1 mphb-room-type-children-0 has-taxes-and-fees\">\n\n\t\n\t\n\n\t<p class=\"post-thumbnail mphb-loop-room-thumbnail\">\n\t<a href=\"https:\/\/pensiondewatertoren.com\/fr\/accommodation\/chambre-simple-confort\/\">\n\t<img loading=\"lazy\" decoding=\"async\" width=\"840\" height=\"560\" src=\"https:\/\/pensiondewatertoren.com\/wp-content\/uploads\/2019\/03\/HEADERS-FEATURED-2000X589-SCHELPENKAMER-840x560.jpg\" class=\"attachment-oceanica-thumb-medium size-oceanica-thumb-medium wp-post-image\" alt=\"HEADERS-FEATURED-2000X589-SCHELPENKAMER\" \/>\t<\/a>\n\n\t<\/p>\n\n<h2 class=\"mphb-room-type-title entry-title\">\n\n<a class=\"mphb-room-type-title\" href=\"https:\/\/pensiondewatertoren.com\/fr\/accommodation\/chambre-simple-confort\/\">Salle des Coquillages<\/a>\n\n<\/h2>\n\n<p>Le logement id\u00e9al pour les voyageurs c\u00e9libataires.<\/p>\n\n\n<h3 class=\"mphb-room-type-details-title\">D\u00e9tails<\/h3><ul class=\"mphb-loop-room-type-attributes\">\n\n\n\t<li class=\"mphb-room-type-adults-capacity\"><span class=\"mphb-attribute-title mphb-adults-title\">Invit\u00e9s:<\/span><span class=\"mphb-attribute-value\">\n\t1\n\t<\/span><\/li>\n\n\n\t<li class=\"mphb-room-type-facilities\"><span class=\"mphb-attribute-title mphb-facilities-title\">\u00c9quipements :<\/span><span class=\"mphb-attribute-value\"> <span class=\"facility-seche-cheveux-fr\"><a href=\"https:\/\/pensiondewatertoren.com\/fr\/equipements\/seche-cheveux-fr\/\">s\u00e8che-cheveux<\/a><\/span>, <span class=\"facility-the-et-cafetiere-fr\"><a href=\"https:\/\/pensiondewatertoren.com\/fr\/equipements\/the-et-cafetiere-fr\/\">th\u00e9 et cafeti\u00e8re<\/a><\/span>, <span class=\"facility-tv-a-ecran-plat-avec-chaines-cablees-fr\"><a href=\"https:\/\/pensiondewatertoren.com\/fr\/equipements\/tv-a-ecran-plat-avec-chaines-cablees-fr\/\">TV \u00e0 \u00e9cran plat avec cha\u00eenes c\u00e2bl\u00e9es<\/a><\/span>, <span class=\"facility-wifi-gratuit-fr\"><a href=\"https:\/\/pensiondewatertoren.com\/fr\/equipements\/wifi-gratuit-fr\/\">Wifi gratuit<\/a><\/span><\/span><\/li>\n\n\n\n\t<li class=\"mphb-room-type-view\"><span class=\"mphb-attribute-title mphb-view-title\">Vue :<\/span><span class=\"mphb-attribute-value\">\n\tplage et dune\n\t<\/span><\/li>\n\n\n\n\t<li class=\"mphb-room-type-size\"><span class=\"mphb-attribute-title mphb-size-title\">Taille :<\/span><span class=\"mphb-attribute-value\">\n\t9m\u00b2\n\t<\/span><\/li>\n\n\n\t<li class=\"mphb-room-type-bed-type\"><span  class=\"mphb-attribute-title mphb-bed-type-title\">Type de lit :<\/span><span class=\"mphb-attribute-value\">\n\tlit simple\n\t<\/span><\/li>\n\n\n<\/ul>\n\n\t<p class=\"mphb-regular-price\"><strong>Prix \u00e0 partir de:<\/strong>\n\t<span class=\"mphb-price\"><span class=\"mphb-currency\">&euro;<\/span>110<\/span> <span class=\"mphb-price-period\" title=\"Choisissez les dates pour voir les prix pertinents\">par nuit<\/span><span class=\"mphb-tax-information taxes-included\"> (+taxes et frais)<\/span>\n\t<\/p>\n\n<p class=\"mphb-view-details-button-wrapper\">\n<a class=\"button mphb-view-details-button\" href=\"https:\/\/pensiondewatertoren.com\/fr\/accommodation\/chambre-simple-confort\/\" >Voir les d\u00e9tails<\/a>\n<\/p>\n<div class=\"mphb-to-book-btn-wrapper\">\n<form action=\"https:\/\/pensiondewatertoren.com\/fr\/accommodation\/chambre-simple-confort\/#booking-form-94613\" method=\"get\" ><button type=\"submit\" class=\"button mphb-book-button\" >R\u00e9server<\/button><\/form>\n<br\/><\/div>\n\t\n<\/div>\n\n\n<div class=\"mphb-room-type post-94686 mphb_room_type type-mphb_room_type status-publish has-post-thumbnail mphb_room_type_tag-chambres-doubles-de-luxe-fr mphb_room_type_facility-seche-cheveux-fr mphb_room_type_facility-the-et-cafetiere-fr mphb_room_type_facility-tv-a-ecran-plat-avec-chaines-cablees-fr mphb_room_type_facility-wifi-gratuit-fr mphb-room-type-adults-2 mphb-room-type-children-0 has-taxes-and-fees\">\n\n\t\n\t\n\n\t<p class=\"post-thumbnail mphb-loop-room-thumbnail\">\n\t<a href=\"https:\/\/pensiondewatertoren.com\/fr\/accommodation\/chambre-double-de-luxe\/\">\n\t<img loading=\"lazy\" decoding=\"async\" width=\"840\" height=\"560\" src=\"https:\/\/pensiondewatertoren.com\/wp-content\/uploads\/2017\/05\/HEADERS-FEATURED-2000X589-DELUXE-840x560.jpg\" class=\"attachment-oceanica-thumb-medium size-oceanica-thumb-medium wp-post-image\" alt=\"HEADERS-FEATURED-2000X589-DELUXE\" \/>\t<\/a>\n\n\t<\/p>\n\n<h2 class=\"mphb-room-type-title entry-title\">\n\n<a class=\"mphb-room-type-title\" href=\"https:\/\/pensiondewatertoren.com\/fr\/accommodation\/chambre-double-de-luxe\/\">Chambre Double De Luxe<\/a>\n\n<\/h2>\n\n<p>Les chambres doubles de luxe sont \u00e9quip\u00e9es de lits doubles.<\/p>\n\n\n<h3 class=\"mphb-room-type-details-title\">D\u00e9tails<\/h3><ul class=\"mphb-loop-room-type-attributes\">\n\n\n\t<li class=\"mphb-room-type-adults-capacity\"><span class=\"mphb-attribute-title mphb-adults-title\">Invit\u00e9s:<\/span><span class=\"mphb-attribute-value\">\n\t2\n\t<\/span><\/li>\n\n\n\t<li class=\"mphb-room-type-facilities\"><span class=\"mphb-attribute-title mphb-facilities-title\">\u00c9quipements :<\/span><span class=\"mphb-attribute-value\"> <span class=\"facility-seche-cheveux-fr\"><a href=\"https:\/\/pensiondewatertoren.com\/fr\/equipements\/seche-cheveux-fr\/\">s\u00e8che-cheveux<\/a><\/span>, <span class=\"facility-the-et-cafetiere-fr\"><a href=\"https:\/\/pensiondewatertoren.com\/fr\/equipements\/the-et-cafetiere-fr\/\">th\u00e9 et cafeti\u00e8re<\/a><\/span>, <span class=\"facility-tv-a-ecran-plat-avec-chaines-cablees-fr\"><a href=\"https:\/\/pensiondewatertoren.com\/fr\/equipements\/tv-a-ecran-plat-avec-chaines-cablees-fr\/\">TV \u00e0 \u00e9cran plat avec cha\u00eenes c\u00e2bl\u00e9es<\/a><\/span>, <span class=\"facility-wifi-gratuit-fr\"><a href=\"https:\/\/pensiondewatertoren.com\/fr\/equipements\/wifi-gratuit-fr\/\">Wifi gratuit<\/a><\/span><\/span><\/li>\n\n\n\n\t<li class=\"mphb-room-type-view\"><span class=\"mphb-attribute-title mphb-view-title\">Vue :<\/span><span class=\"mphb-attribute-value\">\n\tCote des dunes\n\t<\/span><\/li>\n\n\n\n\t<li class=\"mphb-room-type-size\"><span class=\"mphb-attribute-title mphb-size-title\">Taille :<\/span><span class=\"mphb-attribute-value\">\n\t26m\u00b2\n\t<\/span><\/li>\n\n\n\t<li class=\"mphb-room-type-bed-type\"><span  class=\"mphb-attribute-title mphb-bed-type-title\">Type de lit :<\/span><span class=\"mphb-attribute-value\">\n\tlit double\n\t<\/span><\/li>\n\n\n<\/ul>\n\n\t<p class=\"mphb-regular-price\"><strong>Prix \u00e0 partir de:<\/strong>\n\t<span class=\"mphb-price\"><span class=\"mphb-currency\">&euro;<\/span>140<\/span> <span class=\"mphb-price-period\" title=\"Choisissez les dates pour voir les prix pertinents\">par nuit<\/span><span class=\"mphb-tax-information taxes-included\"> (+taxes et frais)<\/span>\n\t<\/p>\n\n<p class=\"mphb-view-details-button-wrapper\">\n<a class=\"button mphb-view-details-button\" href=\"https:\/\/pensiondewatertoren.com\/fr\/accommodation\/chambre-double-de-luxe\/\" >Voir les d\u00e9tails<\/a>\n<\/p>\n<div class=\"mphb-to-book-btn-wrapper\">\n<form action=\"https:\/\/pensiondewatertoren.com\/fr\/accommodation\/chambre-double-de-luxe\/#booking-form-94686\" method=\"get\" ><button type=\"submit\" class=\"button mphb-book-button\" >R\u00e9server<\/button><\/form>\n<br\/><\/div>\n\t\n<\/div>\n\n\n<div class=\"mphb-room-type post-95844 mphb_room_type type-mphb_room_type status-publish has-post-thumbnail mphb_room_type_facility-seche-cheveux-fr mphb_room_type_facility-the-et-cafetiere-fr mphb_room_type_facility-tv-a-ecran-plat-avec-chaines-cablees-fr mphb_room_type_facility-wifi-gratuit-fr mphb-room-type-adults-2 mphb-room-type-children-0 has-taxes-and-fees\">\n\n\t\n\t\n\n\t<p class=\"post-thumbnail mphb-loop-room-thumbnail\">\n\t<a href=\"https:\/\/pensiondewatertoren.com\/fr\/accommodation\/la-mer-suite\/\">\n\t<img loading=\"lazy\" decoding=\"async\" width=\"840\" height=\"560\" src=\"https:\/\/pensiondewatertoren.com\/wp-content\/uploads\/2019\/03\/HEADERS-FEATURED-2000X589-BRIDALSUITE-840x560.jpg\" class=\"attachment-oceanica-thumb-medium size-oceanica-thumb-medium wp-post-image\" alt=\"HEADERS-FEATURED-2000X589-BRIDALSUITE\" \/>\t<\/a>\n\n\t<\/p>\n\n<h2 class=\"mphb-room-type-title entry-title\">\n\n<a class=\"mphb-room-type-title\" href=\"https:\/\/pensiondewatertoren.com\/fr\/accommodation\/la-mer-suite\/\">La Mer Suite<\/a>\n\n<\/h2>\n\n<p>Suite parfaitement \u00e9quip\u00e9e avec vue imprenable sur l&rsquo;oc\u00e9an et les dunes.<\/p>\n\n\n<h3 class=\"mphb-room-type-details-title\">D\u00e9tails<\/h3><ul class=\"mphb-loop-room-type-attributes\">\n\n\n\t<li class=\"mphb-room-type-adults-capacity\"><span class=\"mphb-attribute-title mphb-adults-title\">Invit\u00e9s:<\/span><span class=\"mphb-attribute-value\">\n\t2\n\t<\/span><\/li>\n\n\n\t<li class=\"mphb-room-type-facilities\"><span class=\"mphb-attribute-title mphb-facilities-title\">\u00c9quipements :<\/span><span class=\"mphb-attribute-value\"> <span class=\"facility-seche-cheveux-fr\"><a href=\"https:\/\/pensiondewatertoren.com\/fr\/equipements\/seche-cheveux-fr\/\">s\u00e8che-cheveux<\/a><\/span>, <span class=\"facility-the-et-cafetiere-fr\"><a href=\"https:\/\/pensiondewatertoren.com\/fr\/equipements\/the-et-cafetiere-fr\/\">th\u00e9 et cafeti\u00e8re<\/a><\/span>, <span class=\"facility-tv-a-ecran-plat-avec-chaines-cablees-fr\"><a href=\"https:\/\/pensiondewatertoren.com\/fr\/equipements\/tv-a-ecran-plat-avec-chaines-cablees-fr\/\">TV \u00e0 \u00e9cran plat avec cha\u00eenes c\u00e2bl\u00e9es<\/a><\/span>, <span class=\"facility-wifi-gratuit-fr\"><a href=\"https:\/\/pensiondewatertoren.com\/fr\/equipements\/wifi-gratuit-fr\/\">Wifi gratuit<\/a><\/span><\/span><\/li>\n\n\n\n\t<li class=\"mphb-room-type-view\"><span class=\"mphb-attribute-title mphb-view-title\">Vue :<\/span><span class=\"mphb-attribute-value\">\n\tVues sur la plage et les dunes\n\t<\/span><\/li>\n\n\n\n\t<li class=\"mphb-room-type-size\"><span class=\"mphb-attribute-title mphb-size-title\">Taille :<\/span><span class=\"mphb-attribute-value\">\n\t35m\u00b2\n\t<\/span><\/li>\n\n\n\t<li class=\"mphb-room-type-bed-type\"><span  class=\"mphb-attribute-title mphb-bed-type-title\">Type de lit :<\/span><span class=\"mphb-attribute-value\">\n\tlit double\n\t<\/span><\/li>\n\n\n<\/ul>\n\n\t<p class=\"mphb-regular-price\"><strong>Prix \u00e0 partir de:<\/strong>\n\t<span class=\"mphb-price\"><span class=\"mphb-currency\">&euro;<\/span>140<\/span> <span class=\"mphb-price-period\" title=\"Choisissez les dates pour voir les prix pertinents\">par nuit<\/span><span class=\"mphb-tax-information taxes-included\"> (+taxes et frais)<\/span>\n\t<\/p>\n\n<p class=\"mphb-view-details-button-wrapper\">\n<a class=\"button mphb-view-details-button\" href=\"https:\/\/pensiondewatertoren.com\/fr\/accommodation\/la-mer-suite\/\" >Voir les d\u00e9tails<\/a>\n<\/p>\n<div class=\"mphb-to-book-btn-wrapper\">\n<form action=\"https:\/\/pensiondewatertoren.com\/fr\/accommodation\/la-mer-suite\/#booking-form-95844\" method=\"get\" ><button type=\"submit\" class=\"button mphb-book-button\" >R\u00e9server<\/button><\/form>\n<br\/><\/div>\n\t\n<\/div>\n\n\n<div class=\"mphb-room-type post-95847 mphb_room_type type-mphb_room_type status-publish has-post-thumbnail mphb_room_type_facility-seche-cheveux-fr mphb_room_type_facility-the-et-cafetiere-fr mphb_room_type_facility-tv-a-ecran-plat-avec-chaines-cablees-fr mphb_room_type_facility-wifi-gratuit-fr mphb-room-type-adults-2 mphb-room-type-children-0 has-taxes-and-fees\">\n\n\t\n\t\n\n\t<p class=\"post-thumbnail mphb-loop-room-thumbnail\">\n\t<a href=\"https:\/\/pensiondewatertoren.com\/fr\/accommodation\/junior-suite\/\">\n\t<img loading=\"lazy\" decoding=\"async\" width=\"840\" height=\"560\" src=\"https:\/\/pensiondewatertoren.com\/wp-content\/uploads\/2017\/05\/HEADERS-FEATURED-2000X589-JSUITE-840x560.jpg\" class=\"attachment-oceanica-thumb-medium size-oceanica-thumb-medium wp-post-image\" alt=\"HEADERS-FEATURED-2000X589-JSUITE\" \/>\t<\/a>\n\n\t<\/p>\n\n<h2 class=\"mphb-room-type-title entry-title\">\n\n<a class=\"mphb-room-type-title\" href=\"https:\/\/pensiondewatertoren.com\/fr\/accommodation\/junior-suite\/\">Junior Suite<\/a>\n\n<\/h2>\n\n<p>SUITE PARFAITEMENT \u00c9QUIP\u00c9E AVEC VUE IMPRENABLE SUR L&rsquo;OC\u00c9AN ET LES DUNES.<\/p>\n\n\n<h3 class=\"mphb-room-type-details-title\">D\u00e9tails<\/h3><ul class=\"mphb-loop-room-type-attributes\">\n\n\n\t<li class=\"mphb-room-type-adults-capacity\"><span class=\"mphb-attribute-title mphb-adults-title\">Invit\u00e9s:<\/span><span class=\"mphb-attribute-value\">\n\t2\n\t<\/span><\/li>\n\n\n\t<li class=\"mphb-room-type-facilities\"><span class=\"mphb-attribute-title mphb-facilities-title\">\u00c9quipements :<\/span><span class=\"mphb-attribute-value\"> <span class=\"facility-seche-cheveux-fr\"><a href=\"https:\/\/pensiondewatertoren.com\/fr\/equipements\/seche-cheveux-fr\/\">s\u00e8che-cheveux<\/a><\/span>, <span class=\"facility-the-et-cafetiere-fr\"><a href=\"https:\/\/pensiondewatertoren.com\/fr\/equipements\/the-et-cafetiere-fr\/\">th\u00e9 et cafeti\u00e8re<\/a><\/span>, <span class=\"facility-tv-a-ecran-plat-avec-chaines-cablees-fr\"><a href=\"https:\/\/pensiondewatertoren.com\/fr\/equipements\/tv-a-ecran-plat-avec-chaines-cablees-fr\/\">TV \u00e0 \u00e9cran plat avec cha\u00eenes c\u00e2bl\u00e9es<\/a><\/span>, <span class=\"facility-wifi-gratuit-fr\"><a href=\"https:\/\/pensiondewatertoren.com\/fr\/equipements\/wifi-gratuit-fr\/\">Wifi gratuit<\/a><\/span><\/span><\/li>\n\n\n\n\t<li class=\"mphb-room-type-view\"><span class=\"mphb-attribute-title mphb-view-title\">Vue :<\/span><span class=\"mphb-attribute-value\">\n\tVues sur la plage et les dunes\n\t<\/span><\/li>\n\n\n\n\t<li class=\"mphb-room-type-size\"><span class=\"mphb-attribute-title mphb-size-title\">Taille :<\/span><span class=\"mphb-attribute-value\">\n\t35m\u00b2\n\t<\/span><\/li>\n\n\n\t<li class=\"mphb-room-type-bed-type\"><span  class=\"mphb-attribute-title mphb-bed-type-title\">Type de lit :<\/span><span class=\"mphb-attribute-value\">\n\tlit double\n\t<\/span><\/li>\n\n\n<\/ul>\n\n\t<p class=\"mphb-regular-price\"><strong>Prix \u00e0 partir de:<\/strong>\n\t<span class=\"mphb-price\"><span class=\"mphb-currency\">&euro;<\/span>140<\/span> <span class=\"mphb-price-period\" title=\"Choisissez les dates pour voir les prix pertinents\">par nuit<\/span><span class=\"mphb-tax-information taxes-included\"> (+taxes et frais)<\/span>\n\t<\/p>\n\n<p class=\"mphb-view-details-button-wrapper\">\n<a class=\"button mphb-view-details-button\" href=\"https:\/\/pensiondewatertoren.com\/fr\/accommodation\/junior-suite\/\" >Voir les d\u00e9tails<\/a>\n<\/p>\n<div class=\"mphb-to-book-btn-wrapper\">\n<form action=\"https:\/\/pensiondewatertoren.com\/fr\/accommodation\/junior-suite\/#booking-form-95847\" method=\"get\" ><button type=\"submit\" class=\"button mphb-book-button\" >R\u00e9server<\/button><\/form>\n<br\/><\/div>\n\t\n<\/div>\n\n\n<div class=\"mphb-room-type post-94570 mphb_room_type type-mphb_room_type status-publish has-post-thumbnail mphb_room_type_tag-studio-fr mphb_room_type_facility-seche-cheveux-fr mphb_room_type_facility-terrasse-fr mphb_room_type_facility-the-et-cafetiere-fr mphb_room_type_facility-tv-a-ecran-plat-avec-chaines-cablees-fr mphb_room_type_facility-wifi-gratuit-fr mphb-room-type-adults-3 mphb-room-type-children-0 has-taxes-and-fees\">\n\n\t\n\t\n\n\t<p class=\"post-thumbnail mphb-loop-room-thumbnail\">\n\t<a href=\"https:\/\/pensiondewatertoren.com\/fr\/accommodation\/studio\/\">\n\t<img loading=\"lazy\" decoding=\"async\" width=\"840\" height=\"560\" src=\"https:\/\/pensiondewatertoren.com\/wp-content\/uploads\/2019\/03\/HEADERS-FEATURED-2000X589-STUDIO01-840x560.jpg\" class=\"attachment-oceanica-thumb-medium size-oceanica-thumb-medium wp-post-image\" alt=\"HEADERS-FEATURED-2000X589-STUDIO01\" \/>\t<\/a>\n\n\t<\/p>\n\n<h2 class=\"mphb-room-type-title entry-title\">\n\n<a class=\"mphb-room-type-title\" href=\"https:\/\/pensiondewatertoren.com\/fr\/accommodation\/studio\/\">Studio<\/a>\n\n<\/h2>\n\n<p>Studio sur deux niveaux avec terrasse.<\/p>\n\n\n<h3 class=\"mphb-room-type-details-title\">D\u00e9tails<\/h3><ul class=\"mphb-loop-room-type-attributes\">\n\n\n\t<li class=\"mphb-room-type-adults-capacity\"><span class=\"mphb-attribute-title mphb-adults-title\">Invit\u00e9s:<\/span><span class=\"mphb-attribute-value\">\n\t3\n\t<\/span><\/li>\n\n\n\t<li class=\"mphb-room-type-facilities\"><span class=\"mphb-attribute-title mphb-facilities-title\">\u00c9quipements :<\/span><span class=\"mphb-attribute-value\"> <span class=\"facility-seche-cheveux-fr\"><a href=\"https:\/\/pensiondewatertoren.com\/fr\/equipements\/seche-cheveux-fr\/\">s\u00e8che-cheveux<\/a><\/span>, <span class=\"facility-terrasse-fr\"><a href=\"https:\/\/pensiondewatertoren.com\/fr\/equipements\/terrasse-fr\/\">terrasse<\/a><\/span>, <span class=\"facility-the-et-cafetiere-fr\"><a href=\"https:\/\/pensiondewatertoren.com\/fr\/equipements\/the-et-cafetiere-fr\/\">th\u00e9 et cafeti\u00e8re<\/a><\/span>, <span class=\"facility-tv-a-ecran-plat-avec-chaines-cablees-fr\"><a href=\"https:\/\/pensiondewatertoren.com\/fr\/equipements\/tv-a-ecran-plat-avec-chaines-cablees-fr\/\">TV \u00e0 \u00e9cran plat avec cha\u00eenes c\u00e2bl\u00e9es<\/a><\/span>, <span class=\"facility-wifi-gratuit-fr\"><a href=\"https:\/\/pensiondewatertoren.com\/fr\/equipements\/wifi-gratuit-fr\/\">Wifi gratuit<\/a><\/span><\/span><\/li>\n\n\n\n\t<li class=\"mphb-room-type-view\"><span class=\"mphb-attribute-title mphb-view-title\">Vue :<\/span><span class=\"mphb-attribute-value\">\n\tVues sur la plage et les dunes\n\t<\/span><\/li>\n\n\n\n\t<li class=\"mphb-room-type-size\"><span class=\"mphb-attribute-title mphb-size-title\">Taille :<\/span><span class=\"mphb-attribute-value\">\n\t55m\u00b2\n\t<\/span><\/li>\n\n\n\t<li class=\"mphb-room-type-bed-type\"><span  class=\"mphb-attribute-title mphb-bed-type-title\">Type de lit :<\/span><span class=\"mphb-attribute-value\">\n\tLit double, lit simple\n\t<\/span><\/li>\n\n\n<\/ul>\n\n\t<p class=\"mphb-regular-price\"><strong>Prix \u00e0 partir de:<\/strong>\n\t<span class=\"mphb-price\"><span class=\"mphb-currency\">&euro;<\/span>190<\/span> <span class=\"mphb-price-period\" title=\"Choisissez les dates pour voir les prix pertinents\">par nuit<\/span><span class=\"mphb-tax-information taxes-included\"> (+taxes et frais)<\/span>\n\t<\/p>\n\n<p class=\"mphb-view-details-button-wrapper\">\n<a class=\"button mphb-view-details-button\" href=\"https:\/\/pensiondewatertoren.com\/fr\/accommodation\/studio\/\" >Voir les d\u00e9tails<\/a>\n<\/p>\n<div class=\"mphb-to-book-btn-wrapper\">\n<form action=\"https:\/\/pensiondewatertoren.com\/fr\/accommodation\/studio\/#booking-form-94570\" method=\"get\" ><button type=\"submit\" class=\"button mphb-book-button\" >R\u00e9server<\/button><\/form>\n<br\/><\/div>\n\t\n<\/div>\n\n\n<div class=\"mphb-room-type post-94604 mphb_room_type type-mphb_room_type status-publish has-post-thumbnail mphb_room_type_tag-appartement-fr mphb_room_type_facility-seche-cheveux-fr mphb_room_type_facility-balcon-fr mphb_room_type_facility-the-et-cafetiere-fr mphb_room_type_facility-tv-a-ecran-plat-avec-chaines-cablees-fr mphb_room_type_facility-wifi-gratuit-fr mphb-room-type-adults-3 mphb-room-type-children-0 has-taxes-and-fees\">\n\n\t\n\t\n\n\t<p class=\"post-thumbnail mphb-loop-room-thumbnail\">\n\t<a href=\"https:\/\/pensiondewatertoren.com\/fr\/accommodation\/appartement-avec-balcon\/\">\n\t<img loading=\"lazy\" decoding=\"async\" width=\"840\" height=\"560\" src=\"https:\/\/pensiondewatertoren.com\/wp-content\/uploads\/2019\/03\/HEADERS-FEATURED-APARTEMENT-2000X589-840x560.jpg\" class=\"attachment-oceanica-thumb-medium size-oceanica-thumb-medium wp-post-image\" alt=\"HEADERS-FEATURED-APARTEMENT-2000X589\" \/>\t<\/a>\n\n\t<\/p>\n\n<h2 class=\"mphb-room-type-title entry-title\">\n\n<a class=\"mphb-room-type-title\" href=\"https:\/\/pensiondewatertoren.com\/fr\/accommodation\/appartement-avec-balcon\/\">Appartement avec Balcon<\/a>\n\n<\/h2>\n\n<p>H\u00e9bergement confortable pour quatre personnes.<\/p>\n\n\n<h3 class=\"mphb-room-type-details-title\">D\u00e9tails<\/h3><ul class=\"mphb-loop-room-type-attributes\">\n\n\n\t<li class=\"mphb-room-type-adults-capacity\"><span class=\"mphb-attribute-title mphb-adults-title\">Invit\u00e9s:<\/span><span class=\"mphb-attribute-value\">\n\t3\n\t<\/span><\/li>\n\n\n\t<li class=\"mphb-room-type-facilities\"><span class=\"mphb-attribute-title mphb-facilities-title\">\u00c9quipements :<\/span><span class=\"mphb-attribute-value\"> <span class=\"facility-balcon-fr\"><a href=\"https:\/\/pensiondewatertoren.com\/fr\/equipements\/balcon-fr\/\">balcon<\/a><\/span>, <span class=\"facility-seche-cheveux-fr\"><a href=\"https:\/\/pensiondewatertoren.com\/fr\/equipements\/seche-cheveux-fr\/\">s\u00e8che-cheveux<\/a><\/span>, <span class=\"facility-the-et-cafetiere-fr\"><a href=\"https:\/\/pensiondewatertoren.com\/fr\/equipements\/the-et-cafetiere-fr\/\">th\u00e9 et cafeti\u00e8re<\/a><\/span>, <span class=\"facility-tv-a-ecran-plat-avec-chaines-cablees-fr\"><a href=\"https:\/\/pensiondewatertoren.com\/fr\/equipements\/tv-a-ecran-plat-avec-chaines-cablees-fr\/\">TV \u00e0 \u00e9cran plat avec cha\u00eenes c\u00e2bl\u00e9es<\/a><\/span>, <span class=\"facility-wifi-gratuit-fr\"><a href=\"https:\/\/pensiondewatertoren.com\/fr\/equipements\/wifi-gratuit-fr\/\">Wifi gratuit<\/a><\/span><\/span><\/li>\n\n\n\n\t<li class=\"mphb-room-type-view\"><span class=\"mphb-attribute-title mphb-view-title\">Vue :<\/span><span class=\"mphb-attribute-value\">\n\tplage et dune\n\t<\/span><\/li>\n\n\n\n\t<li class=\"mphb-room-type-size\"><span class=\"mphb-attribute-title mphb-size-title\">Taille :<\/span><span class=\"mphb-attribute-value\">\n\t60m\u00b2\n\t<\/span><\/li>\n\n\n\t<li class=\"mphb-room-type-bed-type\"><span  class=\"mphb-attribute-title mphb-bed-type-title\">Type de lit :<\/span><span class=\"mphb-attribute-value\">\n\tlit double, lit simple\n\t<\/span><\/li>\n\n\n<\/ul>\n\n\t<p class=\"mphb-regular-price\"><strong>Prix \u00e0 partir de:<\/strong>\n\t<span class=\"mphb-price\"><span class=\"mphb-currency\">&euro;<\/span>190<\/span> <span class=\"mphb-price-period\" title=\"Choisissez les dates pour voir les prix pertinents\">par nuit<\/span><span class=\"mphb-tax-information taxes-included\"> (+taxes et frais)<\/span>\n\t<\/p>\n\n<p class=\"mphb-view-details-button-wrapper\">\n<a class=\"button mphb-view-details-button\" href=\"https:\/\/pensiondewatertoren.com\/fr\/accommodation\/appartement-avec-balcon\/\" >Voir les d\u00e9tails<\/a>\n<\/p>\n<div class=\"mphb-to-book-btn-wrapper\">\n<form action=\"https:\/\/pensiondewatertoren.com\/fr\/accommodation\/appartement-avec-balcon\/#booking-form-94604\" method=\"get\" ><button type=\"submit\" class=\"button mphb-book-button\" >R\u00e9server<\/button><\/form>\n<br\/><\/div>\n\t\n<\/div>\n\n<\/div>\n","protected":false},"excerpt":{"rendered":"<p>Trouvez la chambre pour votre s\u00e9jour inoubliable<\/p>\n","protected":false},"author":1,"featured_media":473,"parent":423,"menu_order":0,"comment_status":"closed","ping_status":"closed","template":"template-full-width-grid-page.php","meta":{"footnotes":""},"class_list":["post-463","page","type-page","status-publish","has-post-thumbnail","hentry"],"jetpack_sharing_enabled":true,"_links":{"self":[{"href":"https:\/\/pensiondewatertoren.com\/fr\/wp-json\/wp\/v2\/pages\/463","targetHints":{"allow":["GET"]}}],"collection":[{"href":"https:\/\/pensiondewatertoren.com\/fr\/wp-json\/wp\/v2\/pages"}],"about":[{"href":"https:\/\/pensiondewatertoren.com\/fr\/wp-json\/wp\/v2\/types\/page"}],"author":[{"embeddable":true,"href":"https:\/\/pensiondewatertoren.com\/fr\/wp-json\/wp\/v2\/users\/1"}],"replies":[{"embeddable":true,"href":"https:\/\/pensiondewatertoren.com\/fr\/wp-json\/wp\/v2\/comments?post=463"}],"version-history":[{"count":0,"href":"https:\/\/pensiondewatertoren.com\/fr\/wp-json\/wp\/v2\/pages\/463\/revisions"}],"up":[{"embeddable":true,"href":"https:\/\/pensiondewatertoren.com\/fr\/wp-json\/wp\/v2\/pages\/423"}],"wp:featuredmedia":[{"embeddable":true,"href":"https:\/\/pensiondewatertoren.com\/fr\/wp-json\/wp\/v2\/media\/473"}],"wp:attachment":[{"href":"https:\/\/pensiondewatertoren.com\/fr\/wp-json\/wp\/v2\/media?parent=463"}],"curies":[{"name":"wp","href":"https:\/\/api.w.org\/{rel}","templated":true}]}}